{"id":2006,"date":"2026-08-19T20:25:40","date_gmt":"2026-08-19T18:25:40","guid":{"rendered":"https:\/\/zelenykomin.cz\/?page_id=2006"},"modified":"2026-08-19T20:25:40","modified_gmt":"2026-08-19T18:25:40","slug":"obdobi-2026-2030","status":"publish","type":"page","link":"http:\/\/zelenykomin.cz\/?page_id=2006","title":{"rendered":"Obdob\u00ed 2026\u20132030"},"content":{"rendered":"<p><strong>N\u00e1\u0161 pl\u00e1n pro Kom\u00edn<\/strong><\/p>\n<p><i><span style=\"font-weight: 400;\">Kom\u00edn se m\u011bn\u00ed. M\u00e1 za sebou \u0159adu d\u016fle\u017eit\u00fdch investic a projekt\u016f, ale mnoho pr\u00e1ce je je\u0161t\u011b p\u0159ed n\u00e1mi. Chceme, aby byl i nad\u00e1le m\u00edstem, kde se dob\u0159e \u017eije rodin\u00e1m s d\u011btmi, senior\u016fm i mlad\u00fdm lidem. M\u00edstem, kter\u00e9 je bezpe\u010dn\u00e9, zelen\u00e9, dostupn\u00e9 a p\u0159ipraven\u00e9 na budoucnost.<\/span><\/i><\/p>\n<p><i><span style=\"font-weight: 400;\">P\u0159edstavujeme v\u00e1m program Zelen\u00e9 pro Kom\u00edn pro n\u00e1sleduj\u00edc\u00ed volebn\u00ed obdob\u00ed. Nejde o seznam nesplniteln\u00fdch slib\u016f. Jsou to konkr\u00e9tn\u00ed projekty a c\u00edle, kter\u00e9 navazuj\u00ed na na\u0161i dosavadn\u00ed pr\u00e1ci a kter\u00e9 chceme krok za krokem uskute\u010dnit spole\u010dn\u011b s v\u00e1mi.<\/span><\/i><\/p>\n<p><b>Doprava a parkov\u00e1n\u00ed<\/b><\/p>\n<ul>\n<li style=\"font-weight: 400;\" aria-level=\"1\"><span style=\"font-weight: 400;\">bezpe\u010dn\u011b po Kom\u00edn\u011b \u2013 bezpe\u010dn\u00e1 cesta d\u011bt\u00ed do \u0161koly, nov\u00e9 K+R parkovi\u0161t\u011b u \u0161koly, vhodn\u00e9 osv\u011btlen\u00ed p\u0159echod\u016f, do m\u011bsta dostupnou MHD<\/span><\/li>\n<li style=\"font-weight: 400;\" aria-level=\"1\"><span style=\"font-weight: 400;\">realizace projektu \u201eZklidn\u011bn\u00ed ulic Pastviny a Absolonova\u201c \u2013 vyv\u00fd\u0161en\u00e9 p\u0159echody, nov\u00e1 kolm\u00e1 parkovac\u00ed st\u00e1n\u00ed, dopln\u011bn\u00ed zelen\u011b, nab\u00edjec\u00ed stanice<\/span><\/li>\n<li style=\"font-weight: 400;\" aria-level=\"1\"><span style=\"font-weight: 400;\">\u00fapravy Kn\u00edni\u010dsk\u00e9 a jej\u00edho dopravn\u00edho napojen\u00ed \u2013 roz\u0161\u00ed\u0159en\u00ed komunikace, \u0159e\u0161en\u00ed k\u0159i\u017eovatky Branka, M\u00daK Kamenolom<\/span><\/li>\n<li style=\"font-weight: 400;\" aria-level=\"1\"><span style=\"font-weight: 400;\">parkovac\u00ed d\u016fm na D\u011blnick\u00e9 pod sanovan\u00fdm Rusk\u00fdm vrchem<\/span><\/li>\n<li style=\"font-weight: 400;\" aria-level=\"1\"><span style=\"font-weight: 400;\">cyklostezka Str\u00e1nsk\u00e9ho \u2013 Vozovna Kom\u00edn<\/span><\/li>\n<li style=\"font-weight: 400;\" aria-level=\"1\"><span style=\"font-weight: 400;\">p\u0159esun p\u0159echodu u zast\u00e1vky Vozovna Kom\u00edn, navazuj\u00edc\u00ed sm\u00ed\u0161en\u00e1 stezka sm\u011br Hroch<\/span><\/li>\n<li style=\"font-weight: 400;\" aria-level=\"1\"><span style=\"font-weight: 400;\">zamezen\u00ed silni\u010dn\u00edho propojen\u00ed do Medl\u00e1nek p\u0159es Netop\u00fdrky a leti\u0161t\u011b<\/span><\/li>\n<\/ul>\n<p><b>Ve\u0159ejn\u00fd prostor, m\u011bstsk\u00e1 zele\u0148, adaptace na klimatickou zm\u011bnu<\/b><\/p>\n<ul>\n<li style=\"font-weight: 400;\" aria-level=\"1\"><span style=\"font-weight: 400;\">revitalizace dal\u0161\u00edch ve\u0159ejn\u00fdch prostranstv\u00ed \u2013 Olbrachtovo n\u00e1m\u011bst\u00ed, Absolonova, Svrateck\u00e1<\/span><\/li>\n<li style=\"font-weight: 400;\" aria-level=\"1\"><span style=\"font-weight: 400;\">pokra\u010dov\u00e1n\u00ed v obnov\u011b d\u011btsk\u00fdch h\u0159i\u0161\u0165 a dopln\u011bn\u00ed st\u00edn\u011bn\u00ed<\/span><\/li>\n<li style=\"font-weight: 400;\" aria-level=\"1\"><span style=\"font-weight: 400;\">dopln\u011bn\u00ed lavi\u010dek na p\u011b\u0161\u00edch tras\u00e1ch v Kom\u00edn\u011b a okol\u00ed, na vhodn\u00fdch m\u00edstech tak\u00e9 lavi\u010dky se zv\u00fd\u0161en\u00fdm sezen\u00edm a op\u011bradlem<\/span><\/li>\n<li style=\"font-weight: 400;\" aria-level=\"1\"><span style=\"font-weight: 400;\">chladic\u00ed m\u00edsta pro obdob\u00ed letn\u00edch veder<\/span><\/li>\n<li style=\"font-weight: 400;\" aria-level=\"1\"><span style=\"font-weight: 400;\">lep\u0161\u00ed hospoda\u0159en\u00ed s\u00a0de\u0161\u0165ovou vodou \u2013 vsakov\u00e1n\u00ed do zelen\u011b p\u0159i revitalizaci ve\u0159ejn\u00fdch prostranstv\u00ed<\/span><\/li>\n<li style=\"font-weight: 400;\" aria-level=\"1\"><span style=\"font-weight: 400;\">nov\u00fd p\u0159\u00edstup k\u00a0\u0159ece Svratce s\u00a0mo\u017enost\u00ed koup\u00e1n\u00ed<\/span><\/li>\n<\/ul>\n<p><b>Energetika\/udr\u017eitelnost\/rozumn\u00e9 hospoda\u0159en\u00ed<\/b><\/p>\n<ul>\n<li style=\"font-weight: 400;\" aria-level=\"1\"><span style=\"font-weight: 400;\">zvy\u0161ov\u00e1n\u00ed energetick\u00e9 efektivity obecn\u00edch budov (radnice, \u0161koly, \u0161koln\u00ed baz\u00e9n, bytov\u00e9 domy)<\/span><\/li>\n<li style=\"font-weight: 400;\" aria-level=\"1\"><span style=\"font-weight: 400;\">sol\u00e1rn\u00ed elektr\u00e1rny na obecn\u00edch budov\u00e1ch a sd\u00edlen\u00ed vyroben\u00e9 energie<\/span><\/li>\n<li style=\"font-weight: 400;\" aria-level=\"1\"><span style=\"font-weight: 400;\">prov\u011b\u0159en\u00ed mo\u017enost\u00ed chlazen\u00ed obecn\u00edch budov<\/span><\/li>\n<li style=\"font-weight: 400;\" aria-level=\"1\"><span style=\"font-weight: 400;\">vyu\u017eit\u00ed de\u0161\u0165ov\u00e9 vody ze st\u0159ech obecn\u00edch budov pro pot\u0159eby z\u00e1livky<\/span><\/li>\n<\/ul>\n<p><b>\u0160kolstv\u00ed<\/b><\/p>\n<ul>\n<li style=\"font-weight: 400;\" aria-level=\"1\"><span style=\"font-weight: 400;\">propojen\u00ed z\u00e1kladn\u00ed a mate\u0159sk\u00fdch \u0161kol do jedn\u00e9 organizace p\u0159i zachov\u00e1n\u00ed jejich vlastn\u00ed identity \u2013 lep\u0161\u00ed sd\u00edlen\u00ed z\u00e1zem\u00ed, zku\u0161enost\u00ed a person\u00e1ln\u00edch kapacit<\/span><\/li>\n<li style=\"font-weight: 400;\" aria-level=\"1\"><span style=\"font-weight: 400;\">spolupr\u00e1ce s veden\u00edm \u0161koly <\/span><span style=\"font-weight: 400;\">n<\/span><span style=\"font-weight: 400;\">a osv\u011bt\u011b zam\u011b\u0159en\u00e9 na prevenci soci\u00e1ln\u011b patologick\u00fdch jev\u016f jako je \u0161ikana, kyber\u0161ikana a kriminalita ml\u00e1de\u017ee\u00a0<\/span><\/li>\n<li style=\"font-weight: 400;\" aria-level=\"1\"><span style=\"font-weight: 400;\">nov\u00e9 \u0161koln\u00ed u\u010debny pro v\u00fduku a dru\u017einu<\/span><\/li>\n<li style=\"font-weight: 400;\" aria-level=\"1\"><span style=\"font-weight: 400;\">p\u0159\u00edprava \u0161koln\u00edch budov na horka (nucen\u00e9 v\u011btr\u00e1n\u00ed s\u00a0rekuperac\u00ed a\u00a0chlazen\u00edm)<\/span><\/li>\n<li style=\"font-weight: 400;\" aria-level=\"1\"><span style=\"font-weight: 400;\">rekonstrukce venkovn\u00edch \u0161koln\u00edch sportovi\u0161\u0165 a modernizace \u0161kolek v\u010detn\u011b jejich venkovn\u00edch prostor<\/span><\/li>\n<li style=\"font-weight: 400;\" aria-level=\"1\"><span style=\"font-weight: 400;\">nov\u00e9 z\u00e1zem\u00ed pro pedagogy M\u0160 \u0158ez\u00e1\u010dova<\/span><\/li>\n<\/ul>\n<p><b>Sport a voln\u00fd \u010das<\/b><\/p>\n<ul>\n<li style=\"font-weight: 400;\" aria-level=\"1\"><span style=\"font-weight: 400;\">nav\u00fd\u0161en\u00ed dotace na provoz sportovn\u00edch a volno\u010dasov\u00fdch aktivit\u00a0<\/span><\/li>\n<li style=\"font-weight: 400;\" aria-level=\"1\"><span style=\"font-weight: 400;\">nov\u00e1 investi\u010dn\u00ed dotace pro m\u00edstn\u00ed kom\u00ednsk\u00e9 spolky<\/span><\/li>\n<li style=\"font-weight: 400;\" aria-level=\"1\"><span style=\"font-weight: 400;\">zachov\u00e1n\u00ed Medl\u00e1neck\u00e9ho leti\u0161t\u011b a jeho okol\u00ed pro sport a rekreaci \u2013 zelen\u00fd kl\u00edn Kom\u00edna<\/span><\/li>\n<li style=\"font-weight: 400;\" aria-level=\"1\"><span style=\"font-weight: 400;\">zp\u0159\u00edstupn\u011bn\u00ed zmodernizovan\u00fdch sportovi\u0161\u0165 \u0161koly ve\u0159ejnosti<\/span><\/li>\n<\/ul>\n<p><b>Senio\u0159i a soci\u00e1ln\u00ed p\u00e9\u010de\u00a0\u00a0<\/b><\/p>\n<ul>\n<li style=\"font-weight: 400;\" aria-level=\"1\"><span style=\"font-weight: 400;\">pokra\u010dov\u00e1n\u00ed Univerzity t\u0159et\u00edho v\u011bku p\u0159\u00edmo v\u00a0Kom\u00edn\u011b<\/span><\/li>\n<li style=\"font-weight: 400;\" aria-level=\"1\"><span style=\"font-weight: 400;\">nov\u00e1 slu\u017eba rozvozu ob\u011bd\u016f ze \u0161koln\u00ed kuchyn\u011b pro seniory\u00a0<\/span><\/li>\n<li style=\"font-weight: 400;\" aria-level=\"1\"><span style=\"font-weight: 400;\">zachov\u00e1n\u00ed slu\u017eby Senior taxi\u00a0<\/span><\/li>\n<li style=\"font-weight: 400;\" aria-level=\"1\"><span style=\"font-weight: 400;\">setk\u00e1v\u00e1n\u00ed senior\u016f a rodin ve Star\u00e9 hasi\u010dce<\/span><\/li>\n<\/ul>\n<p><b>Bezpe\u010d\u00ed, krizov\u00e1 p\u0159ipravenost<\/b><\/p>\n<ul>\n<li style=\"font-weight: 400;\" aria-level=\"1\"><span style=\"font-weight: 400;\">protipovod\u0148ov\u00e1 opat\u0159en\u00ed respektuj\u00edc\u00ed p\u0159\u00edrodn\u00ed charakter \u0159eky Svratky<\/span><\/li>\n<li style=\"font-weight: 400;\" aria-level=\"1\"><span style=\"font-weight: 400;\">podpora p\u0159ipravenosti kom\u00ednsk\u00fdch dobrovoln\u00fdch hasi\u010d\u016f<\/span><\/li>\n<li style=\"font-weight: 400;\" aria-level=\"1\"><span style=\"font-weight: 400;\">nov\u00e1 budova hasi\u010dsk\u00e9 zbrojnice v\u00a0r\u00e1mci nov\u00e9 Vozovny Kom\u00edn<\/span><\/li>\n<li style=\"font-weight: 400;\" aria-level=\"1\"><span style=\"font-weight: 400;\">roz\u0161\u00ed\u0159en\u00ed m\u011bstsk\u00e9ho \u00fatulku pro t\u00fdran\u00e9 psy a ko\u010dky<\/span><\/li>\n<\/ul>\n<p><b>Kultura, komunita, participace<\/b><\/p>\n<ul>\n<li style=\"font-weight: 400;\" aria-level=\"1\"><span style=\"font-weight: 400;\">podpora kulturn\u00edch akc\u00ed a tradic \u2013 hody, vinobran\u00ed, letn\u00ed kino, koncerty<\/span><\/li>\n<li style=\"font-weight: 400;\" aria-level=\"1\"><span style=\"font-weight: 400;\">nov\u00e1 komunitn\u00ed zahrada<\/span><\/li>\n<li style=\"font-weight: 400;\" aria-level=\"1\"><span style=\"font-weight: 400;\">nab\u00eddka vzd\u011bl\u00e1vac\u00edch, kulturn\u00edch a komunitn\u00edch aktivit ve Star\u00e9 hasi\u010dce<\/span><\/li>\n<li style=\"font-weight: 400;\" aria-level=\"1\"><span style=\"font-weight: 400;\">ve\u0159ejn\u00e9 debaty a zapojov\u00e1n\u00ed ob\u010dan\u016f do p\u0159\u00edpravy v\u00fdznamn\u00fdch projekt\u016f<\/span><\/li>\n<\/ul>\n","protected":false},"excerpt":{"rendered":"<p>N\u00e1\u0161 pl\u00e1n pro Kom\u00edn Kom\u00edn se m\u011bn\u00ed. M\u00e1 za sebou \u0159adu d\u016fle\u017eit\u00fdch investic a projekt\u016f, ale mnoho pr\u00e1ce je je\u0161t\u011b p\u0159ed n\u00e1mi. Chceme, aby byl i nad\u00e1le m\u00edstem, kde se dob\u0159e \u017eije rodin\u00e1m s d\u011btmi, senior\u016fm i mlad\u00fdm lidem. M\u00edstem, &hellip; <a href=\"http:\/\/zelenykomin.cz\/?page_id=2006\">Cel\u00fd p\u0159\u00edsp\u011bvek <span class=\"meta-nav\">&rarr;<\/span><\/a><\/p>\n","protected":false},"author":6,"featured_media":0,"parent":0,"menu_order":0,"comment_status":"closed","ping_status":"closed","template":"","meta":{"footnotes":""},"_links":{"self":[{"href":"http:\/\/zelenykomin.cz\/index.php?rest_route=\/wp\/v2\/pages\/2006"}],"collection":[{"href":"http:\/\/zelenykomin.cz\/index.php?rest_route=\/wp\/v2\/pages"}],"about":[{"href":"http:\/\/zelenykomin.cz\/index.php?rest_route=\/wp\/v2\/types\/page"}],"author":[{"embeddable":true,"href":"http:\/\/zelenykomin.cz\/index.php?rest_route=\/wp\/v2\/users\/6"}],"replies":[{"embeddable":true,"href":"http:\/\/zelenykomin.cz\/index.php?rest_route=%2Fwp%2Fv2%2Fcomments&post=2006"}],"version-history":[{"count":2,"href":"http:\/\/zelenykomin.cz\/index.php?rest_route=\/wp\/v2\/pages\/2006\/revisions"}],"predecessor-version":[{"id":2008,"href":"http:\/\/zelenykomin.cz\/index.php?rest_route=\/wp\/v2\/pages\/2006\/revisions\/2008"}],"wp:attachment":[{"href":"http:\/\/zelenykomin.cz\/index.php?rest_route=%2Fwp%2Fv2%2Fmedia&parent=2006"}],"curies":[{"name":"wp","href":"https:\/\/api.w.org\/{rel}","templated":true}]}}